{"id":34643,"date":"2024-08-21T11:52:08","date_gmt":"2024-08-21T14:52:08","guid":{"rendered":"https:\/\/escoladailha.com.br\/portal\/?post_type=portfolio&#038;p=34643"},"modified":"2024-08-21T11:52:08","modified_gmt":"2024-08-21T14:52:08","slug":"o-2o-ano-faz-experiencias-coloridas-na-universidade-federal","status":"publish","type":"portfolio","link":"https:\/\/escoladailha.com.br\/portal\/portfolio-item\/o-2o-ano-faz-experiencias-coloridas-na-universidade-federal\/","title":{"rendered":"O 2\u00ba ano faz experi\u00eancias coloridas na Universidade Federal"},"content":{"rendered":"<header class=\"entry-content-header\">O 2\u00ba ano faz experi\u00eancias coloridas na Universidade Federal<span class='post-meta-infos'><time class=\"date-container minor-meta updated\"  itemprop=\"datePublished\" datetime=\"2024-08-21T11:52:08-03:00\" >21\/08\/2024<\/time><\/span><\/header>\n<div class=\"flex_column av_one_full  flex_column_div av-zero-column-padding first  avia-builder-el-1  el_after_av_post_meta  avia-builder-el-last  \" style='border-radius:0px; '><p><section class=\"av_textblock_section \"  itemscope=\"itemscope\" itemtype=\"https:\/\/schema.org\/CreativeWork\" ><div class='avia_textblock  '   itemprop=\"text\" ><p>A Turma dos Experimentos Cient\u00edficos (2\u00ba ano C) fez uma viv\u00eancia l\u00fadica e divertida no laborat\u00f3rio QUIMIDEX, localizado na Universidade Federal de Santa Catarina (UFSC). Os pequenos cientistas produziram tinturas naturais e testaram o experimento com desenhos lindos e criativos, incentivando o interesse pela qu\u00edmica. O nome da turma e a proposta pedag\u00f3gica s\u00e3o decididas em grupo e acompanhadas de perto pela professora. Como consequ\u00eancia, esta \u00e9 a segunda sa\u00edda desta turma \u00e0 universidade. Com essa viv\u00eancia, os pequenos cientistas fortaleceram sua autonomia e constru\u00edram novos conhecimentos, onde a curiosidade e a colabora\u00e7\u00e3o transformaram o aprendizado em uma experi\u00eancia significativa.<\/p>\n<\/div><\/section><br \/>\n<section class=\"av_textblock_section \"  itemscope=\"itemscope\" itemtype=\"https:\/\/schema.org\/CreativeWork\" ><div class='avia_textblock  '   itemprop=\"text\" ><div id='gallery-1' class='gallery galleryid-34643 gallery-columns-6 gallery-size-grid'><div class=\"grid_wrap isotope\"><div class='gallery-item' item_id='34645'><div class='gallery-item-inner'>\n\t\t\t<div class='gallery-icon portrait'>\n\t\t \t\t<a href=\"https:\/\/escoladailha.com.br\/portal\/wp-content\/uploads\/2024\/08\/42.Uma-historia-da-loucura-20-1-1508x2010.jpg\"><img loading=\"lazy\" decoding=\"async\" width=\"116\" height=\"92\" src=\"https:\/\/escoladailha.com.br\/portal\/wp-content\/uploads\/2024\/08\/42.Uma-historia-da-loucura-20-1-232x184.jpg\" class=\"attachment-grid size-grid\" alt=\"\" srcset=\"https:\/\/escoladailha.com.br\/portal\/wp-content\/uploads\/2024\/08\/42.Uma-historia-da-loucura-20-1-232x184.jpg 232w, https:\/\/escoladailha.com.br\/portal\/wp-content\/uploads\/2024\/08\/42.Uma-historia-da-loucura-20-1-480x380.jpg 480w, https:\/\/escoladailha.com.br\/portal\/wp-content\/uploads\/2024\/08\/42.Uma-historia-da-loucura-20-1-990x788.jpg 990w\" sizes=\"auto, (max-width: 232px) 100vw, 232px\" \/><\/a>\n\t\t \t<\/div><\/div><\/div><div class='gallery-item' item_id='34656'><div class='gallery-item-inner'>\n\t\t\t<div class='gallery-icon portrait'>\n\t\t \t\t<a href=\"https:\/\/escoladailha.com.br\/portal\/wp-content\/uploads\/2024\/08\/42.Uma-historia-da-loucura-31-1-1508x2010.jpg\"><img loading=\"lazy\" decoding=\"async\" width=\"116\" height=\"92\" src=\"https:\/\/escoladailha.com.br\/portal\/wp-content\/uploads\/2024\/08\/42.Uma-historia-da-loucura-31-1-232x184.jpg\" class=\"attachment-grid size-grid\" alt=\"\" srcset=\"https:\/\/escoladailha.com.br\/portal\/wp-content\/uploads\/2024\/08\/42.Uma-historia-da-loucura-31-1-232x184.jpg 232w, https:\/\/escoladailha.com.br\/portal\/wp-content\/uploads\/2024\/08\/42.Uma-historia-da-loucura-31-1-480x380.jpg 480w, https:\/\/escoladailha.com.br\/portal\/wp-content\/uploads\/2024\/08\/42.Uma-historia-da-loucura-31-1-990x788.jpg 990w\" sizes=\"auto, (max-width: 232px) 100vw, 232px\" \/><\/a>\n\t\t \t<\/div><\/div><\/div><div class='gallery-item' item_id='34655'><div class='gallery-item-inner'>\n\t\t\t<div class='gallery-icon landscape'>\n\t\t \t\t<a href=\"https:\/\/escoladailha.com.br\/portal\/wp-content\/uploads\/2024\/08\/42.Uma-historia-da-loucura-30-1-2010x1524.jpg\"><img loading=\"lazy\" decoding=\"async\" width=\"116\" height=\"92\" src=\"https:\/\/escoladailha.com.br\/portal\/wp-content\/uploads\/2024\/08\/42.Uma-historia-da-loucura-30-1-232x184.jpg\" class=\"attachment-grid size-grid\" alt=\"\" srcset=\"https:\/\/escoladailha.com.br\/portal\/wp-content\/uploads\/2024\/08\/42.Uma-historia-da-loucura-30-1-232x184.jpg 232w, https:\/\/escoladailha.com.br\/portal\/wp-content\/uploads\/2024\/08\/42.Uma-historia-da-loucura-30-1-480x380.jpg 480w, https:\/\/escoladailha.com.br\/portal\/wp-content\/uploads\/2024\/08\/42.Uma-historia-da-loucura-30-1-990x788.jpg 990w\" sizes=\"auto, (max-width: 232px) 100vw, 232px\" \/><\/a>\n\t\t \t<\/div><\/div><\/div><div class='gallery-item' item_id='34654'><div class='gallery-item-inner'>\n\t\t\t<div class='gallery-icon portrait'>\n\t\t \t\t<a href=\"https:\/\/escoladailha.com.br\/portal\/wp-content\/uploads\/2024\/08\/42.Uma-historia-da-loucura-29-1-1508x2010.jpg\"><img loading=\"lazy\" decoding=\"async\" width=\"116\" height=\"92\" src=\"https:\/\/escoladailha.com.br\/portal\/wp-content\/uploads\/2024\/08\/42.Uma-historia-da-loucura-29-1-232x184.jpg\" class=\"attachment-grid size-grid\" alt=\"\" srcset=\"https:\/\/escoladailha.com.br\/portal\/wp-content\/uploads\/2024\/08\/42.Uma-historia-da-loucura-29-1-232x184.jpg 232w, https:\/\/escoladailha.com.br\/portal\/wp-content\/uploads\/2024\/08\/42.Uma-historia-da-loucura-29-1-480x380.jpg 480w, https:\/\/escoladailha.com.br\/portal\/wp-content\/uploads\/2024\/08\/42.Uma-historia-da-loucura-29-1-990x788.jpg 990w\" sizes=\"auto, (max-width: 232px) 100vw, 232px\" \/><\/a>\n\t\t \t<\/div><\/div><\/div><div class='gallery-item' item_id='34652'><div class='gallery-item-inner'>\n\t\t\t<div class='gallery-icon portrait'>\n\t\t \t\t<a href=\"https:\/\/escoladailha.com.br\/portal\/wp-content\/uploads\/2024\/08\/42.Uma-historia-da-loucura-27-1-1508x2010.jpg\"><img loading=\"lazy\" decoding=\"async\" width=\"116\" height=\"92\" src=\"https:\/\/escoladailha.com.br\/portal\/wp-content\/uploads\/2024\/08\/42.Uma-historia-da-loucura-27-1-232x184.jpg\" class=\"attachment-grid size-grid\" alt=\"\" srcset=\"https:\/\/escoladailha.com.br\/portal\/wp-content\/uploads\/2024\/08\/42.Uma-historia-da-loucura-27-1-232x184.jpg 232w, https:\/\/escoladailha.com.br\/portal\/wp-content\/uploads\/2024\/08\/42.Uma-historia-da-loucura-27-1-480x380.jpg 480w, https:\/\/escoladailha.com.br\/portal\/wp-content\/uploads\/2024\/08\/42.Uma-historia-da-loucura-27-1-990x788.jpg 990w\" sizes=\"auto, (max-width: 232px) 100vw, 232px\" \/><\/a>\n\t\t \t<\/div><\/div><\/div><div class='gallery-item' item_id='34653'><div class='gallery-item-inner'>\n\t\t\t<div class='gallery-icon landscape'>\n\t\t \t\t<a href=\"https:\/\/escoladailha.com.br\/portal\/wp-content\/uploads\/2024\/08\/42.Uma-historia-da-loucura-28-1-2010x1508.jpg\"><img loading=\"lazy\" decoding=\"async\" width=\"116\" height=\"92\" src=\"https:\/\/escoladailha.com.br\/portal\/wp-content\/uploads\/2024\/08\/42.Uma-historia-da-loucura-28-1-232x184.jpg\" class=\"attachment-grid size-grid\" alt=\"\" srcset=\"https:\/\/escoladailha.com.br\/portal\/wp-content\/uploads\/2024\/08\/42.Uma-historia-da-loucura-28-1-232x184.jpg 232w, https:\/\/escoladailha.com.br\/portal\/wp-content\/uploads\/2024\/08\/42.Uma-historia-da-loucura-28-1-480x380.jpg 480w, https:\/\/escoladailha.com.br\/portal\/wp-content\/uploads\/2024\/08\/42.Uma-historia-da-loucura-28-1-990x788.jpg 990w\" sizes=\"auto, (max-width: 232px) 100vw, 232px\" \/><\/a>\n\t\t \t<\/div><\/div><\/div><div class='gallery-item' item_id='34651'><div class='gallery-item-inner'>\n\t\t\t<div class='gallery-icon portrait'>\n\t\t \t\t<a href=\"https:\/\/escoladailha.com.br\/portal\/wp-content\/uploads\/2024\/08\/42.Uma-historia-da-loucura-26-1-1508x2010.jpg\"><img loading=\"lazy\" decoding=\"async\" width=\"116\" height=\"92\" src=\"https:\/\/escoladailha.com.br\/portal\/wp-content\/uploads\/2024\/08\/42.Uma-historia-da-loucura-26-1-232x184.jpg\" class=\"attachment-grid size-grid\" alt=\"\" srcset=\"https:\/\/escoladailha.com.br\/portal\/wp-content\/uploads\/2024\/08\/42.Uma-historia-da-loucura-26-1-232x184.jpg 232w, https:\/\/escoladailha.com.br\/portal\/wp-content\/uploads\/2024\/08\/42.Uma-historia-da-loucura-26-1-480x380.jpg 480w, https:\/\/escoladailha.com.br\/portal\/wp-content\/uploads\/2024\/08\/42.Uma-historia-da-loucura-26-1-990x788.jpg 990w\" sizes=\"auto, (max-width: 232px) 100vw, 232px\" \/><\/a>\n\t\t \t<\/div><\/div><\/div><div class='gallery-item' item_id='34650'><div class='gallery-item-inner'>\n\t\t\t<div class='gallery-icon portrait'>\n\t\t \t\t<a href=\"https:\/\/escoladailha.com.br\/portal\/wp-content\/uploads\/2024\/08\/42.Uma-historia-da-loucura-25-1-1508x2010.jpg\"><img loading=\"lazy\" decoding=\"async\" width=\"116\" height=\"92\" src=\"https:\/\/escoladailha.com.br\/portal\/wp-content\/uploads\/2024\/08\/42.Uma-historia-da-loucura-25-1-232x184.jpg\" class=\"attachment-grid size-grid\" alt=\"\" srcset=\"https:\/\/escoladailha.com.br\/portal\/wp-content\/uploads\/2024\/08\/42.Uma-historia-da-loucura-25-1-232x184.jpg 232w, https:\/\/escoladailha.com.br\/portal\/wp-content\/uploads\/2024\/08\/42.Uma-historia-da-loucura-25-1-480x380.jpg 480w, https:\/\/escoladailha.com.br\/portal\/wp-content\/uploads\/2024\/08\/42.Uma-historia-da-loucura-25-1-990x788.jpg 990w\" sizes=\"auto, (max-width: 232px) 100vw, 232px\" \/><\/a>\n\t\t \t<\/div><\/div><\/div><div class='gallery-item' item_id='34649'><div class='gallery-item-inner'>\n\t\t\t<div class='gallery-icon landscape'>\n\t\t \t\t<a href=\"https:\/\/escoladailha.com.br\/portal\/wp-content\/uploads\/2024\/08\/42.Uma-historia-da-loucura-24-1-2010x1909.jpg\"><img loading=\"lazy\" decoding=\"async\" width=\"116\" height=\"92\" src=\"https:\/\/escoladailha.com.br\/portal\/wp-content\/uploads\/2024\/08\/42.Uma-historia-da-loucura-24-1-232x184.jpg\" class=\"attachment-grid size-grid\" alt=\"\" srcset=\"https:\/\/escoladailha.com.br\/portal\/wp-content\/uploads\/2024\/08\/42.Uma-historia-da-loucura-24-1-232x184.jpg 232w, https:\/\/escoladailha.com.br\/portal\/wp-content\/uploads\/2024\/08\/42.Uma-historia-da-loucura-24-1-480x380.jpg 480w, https:\/\/escoladailha.com.br\/portal\/wp-content\/uploads\/2024\/08\/42.Uma-historia-da-loucura-24-1-990x788.jpg 990w\" sizes=\"auto, (max-width: 232px) 100vw, 232px\" \/><\/a>\n\t\t \t<\/div><\/div><\/div><div class='gallery-item' item_id='34648'><div class='gallery-item-inner'>\n\t\t\t<div class='gallery-icon portrait'>\n\t\t \t\t<a href=\"https:\/\/escoladailha.com.br\/portal\/wp-content\/uploads\/2024\/08\/42.Uma-historia-da-loucura-23-1-1508x2010.jpg\"><img loading=\"lazy\" decoding=\"async\" width=\"116\" height=\"92\" src=\"https:\/\/escoladailha.com.br\/portal\/wp-content\/uploads\/2024\/08\/42.Uma-historia-da-loucura-23-1-232x184.jpg\" class=\"attachment-grid size-grid\" alt=\"\" srcset=\"https:\/\/escoladailha.com.br\/portal\/wp-content\/uploads\/2024\/08\/42.Uma-historia-da-loucura-23-1-232x184.jpg 232w, https:\/\/escoladailha.com.br\/portal\/wp-content\/uploads\/2024\/08\/42.Uma-historia-da-loucura-23-1-480x380.jpg 480w, https:\/\/escoladailha.com.br\/portal\/wp-content\/uploads\/2024\/08\/42.Uma-historia-da-loucura-23-1-990x788.jpg 990w\" sizes=\"auto, (max-width: 232px) 100vw, 232px\" \/><\/a>\n\t\t \t<\/div><\/div><\/div><div class='gallery-item' item_id='34647'><div class='gallery-item-inner'>\n\t\t\t<div class='gallery-icon portrait'>\n\t\t \t\t<a href=\"https:\/\/escoladailha.com.br\/portal\/wp-content\/uploads\/2024\/08\/42.Uma-historia-da-loucura-22-1-1508x2010.jpg\"><img loading=\"lazy\" decoding=\"async\" width=\"116\" height=\"92\" src=\"https:\/\/escoladailha.com.br\/portal\/wp-content\/uploads\/2024\/08\/42.Uma-historia-da-loucura-22-1-232x184.jpg\" class=\"attachment-grid size-grid\" alt=\"\" srcset=\"https:\/\/escoladailha.com.br\/portal\/wp-content\/uploads\/2024\/08\/42.Uma-historia-da-loucura-22-1-232x184.jpg 232w, https:\/\/escoladailha.com.br\/portal\/wp-content\/uploads\/2024\/08\/42.Uma-historia-da-loucura-22-1-480x380.jpg 480w, https:\/\/escoladailha.com.br\/portal\/wp-content\/uploads\/2024\/08\/42.Uma-historia-da-loucura-22-1-990x788.jpg 990w\" sizes=\"auto, (max-width: 232px) 100vw, 232px\" \/><\/a>\n\t\t \t<\/div><\/div><\/div><div class='gallery-item' item_id='34646'><div class='gallery-item-inner'>\n\t\t\t<div class='gallery-icon landscape'>\n\t\t \t\t<a href=\"https:\/\/escoladailha.com.br\/portal\/wp-content\/uploads\/2024\/08\/42.Uma-historia-da-loucura-21-1-2010x1870.jpg\"><img loading=\"lazy\" decoding=\"async\" width=\"116\" height=\"92\" src=\"https:\/\/escoladailha.com.br\/portal\/wp-content\/uploads\/2024\/08\/42.Uma-historia-da-loucura-21-1-232x184.jpg\" class=\"attachment-grid size-grid\" alt=\"\" srcset=\"https:\/\/escoladailha.com.br\/portal\/wp-content\/uploads\/2024\/08\/42.Uma-historia-da-loucura-21-1-232x184.jpg 232w, https:\/\/escoladailha.com.br\/portal\/wp-content\/uploads\/2024\/08\/42.Uma-historia-da-loucura-21-1-480x380.jpg 480w, https:\/\/escoladailha.com.br\/portal\/wp-content\/uploads\/2024\/08\/42.Uma-historia-da-loucura-21-1-990x788.jpg 990w\" sizes=\"auto, (max-width: 232px) 100vw, 232px\" \/><\/a>\n\t\t \t<\/div><\/div><\/div><div class='gallery-item' item_id='34644'><div class='gallery-item-inner'>\n\t\t\t<div class='gallery-icon portrait'>\n\t\t \t\t<a href=\"https:\/\/escoladailha.com.br\/portal\/wp-content\/uploads\/2024\/08\/42.Uma-historia-da-loucura-19-1-1508x2010.jpg\"><img loading=\"lazy\" decoding=\"async\" width=\"116\" height=\"92\" src=\"https:\/\/escoladailha.com.br\/portal\/wp-content\/uploads\/2024\/08\/42.Uma-historia-da-loucura-19-1-232x184.jpg\" class=\"attachment-grid size-grid\" alt=\"\" srcset=\"https:\/\/escoladailha.com.br\/portal\/wp-content\/uploads\/2024\/08\/42.Uma-historia-da-loucura-19-1-232x184.jpg 232w, https:\/\/escoladailha.com.br\/portal\/wp-content\/uploads\/2024\/08\/42.Uma-historia-da-loucura-19-1-480x380.jpg 480w, https:\/\/escoladailha.com.br\/portal\/wp-content\/uploads\/2024\/08\/42.Uma-historia-da-loucura-19-1-990x788.jpg 990w\" sizes=\"auto, (max-width: 232px) 100vw, 232px\" \/><\/a>\n\t\t \t<\/div><\/div><\/div><\/div><div style=\"clear: both\"><\/div>\n\t\t<\/div>\n\n<\/div><\/section><\/p><\/div>\n","protected":false},"excerpt":{"rendered":"<p>A Turma dos Experimentos Cient\u00edficos (2\u00ba ano C) fez uma viv\u00eancia l\u00fadica e divertida no laborat\u00f3rio QUIMIDEX, localizado na Universidade Federal de Santa Catarina (UFSC). Os pequenos cientistas produziram tinturas naturais e testaram o experimento com desenhos lindos e criativos, incentivando o interesse pela qu\u00edmica. O nome da turma e a proposta pedag\u00f3gica s\u00e3o decididas em grupo e acompanhadas de perto pela professora. Como consequ\u00eancia, esta \u00e9 a segunda sa\u00edda desta turma \u00e0 universidade. Com essa viv\u00eancia, os pequenos cientistas fortaleceram sua autonomia e constru\u00edram novos conhecimentos, onde a curiosidade e a colabora\u00e7\u00e3o transformaram o aprendizado em uma experi\u00eancia significativa.<\/p>\n[leiamais]\n[gallery link=\"file\" size=\"carousel\" ids=\"34645,34656,34655,34654,34652,34653,34651,34650,34649,34648,34647,34646,34644\"]\n","protected":false},"featured_media":34667,"comment_status":"open","ping_status":"closed","template":"","tags":[993,441,220],"portfolio_entries":[80,64],"class_list":["post-34643","portfolio","type-portfolio","status-publish","has-post-thumbnail","hentry","tag-ciencia","tag-experimento","tag-saida-pedagogica","portfolio_entries-fundamental-i","portfolio_entries-saidas-de-estudos"],"acf":[],"_links":{"self":[{"href":"https:\/\/escoladailha.com.br\/portal\/wp-json\/wp\/v2\/portfolio\/34643","targetHints":{"allow":["GET"]}}],"collection":[{"href":"https:\/\/escoladailha.com.br\/portal\/wp-json\/wp\/v2\/portfolio"}],"about":[{"href":"https:\/\/escoladailha.com.br\/portal\/wp-json\/wp\/v2\/types\/portfolio"}],"replies":[{"embeddable":true,"href":"https:\/\/escoladailha.com.br\/portal\/wp-json\/wp\/v2\/comments?post=34643"}],"version-history":[{"count":2,"href":"https:\/\/escoladailha.com.br\/portal\/wp-json\/wp\/v2\/portfolio\/34643\/revisions"}],"predecessor-version":[{"id":34671,"href":"https:\/\/escoladailha.com.br\/portal\/wp-json\/wp\/v2\/portfolio\/34643\/revisions\/34671"}],"wp:featuredmedia":[{"embeddable":true,"href":"https:\/\/escoladailha.com.br\/portal\/wp-json\/wp\/v2\/media\/34667"}],"wp:attachment":[{"href":"https:\/\/escoladailha.com.br\/portal\/wp-json\/wp\/v2\/media?parent=34643"}],"wp:term":[{"taxonomy":"post_tag","embeddable":true,"href":"https:\/\/escoladailha.com.br\/portal\/wp-json\/wp\/v2\/tags?post=34643"},{"taxonomy":"portfolio_entries","embeddable":true,"href":"https:\/\/escoladailha.com.br\/portal\/wp-json\/wp\/v2\/portfolio_entries?post=34643"}],"curies":[{"name":"wp","href":"https:\/\/api.w.org\/{rel}","templated":true}]}}