{"id":22890,"date":"2019-12-05T13:22:34","date_gmt":"2019-12-05T16:22:34","guid":{"rendered":"https:\/\/escoladailha.com.br\/portal\/?post_type=portfolio&#038;p=22890"},"modified":"2019-12-05T18:05:27","modified_gmt":"2019-12-05T21:05:27","slug":"4-ano-no-museu-etnografico-2","status":"publish","type":"portfolio","link":"https:\/\/escoladailha.com.br\/portal\/portfolio-item\/4-ano-no-museu-etnografico-2\/","title":{"rendered":"Museu Etnogr\u00e1fico Casa dos A\u00e7ores: 4\u00ba A mergulha na hist\u00f3ria da regi\u00e3o"},"content":{"rendered":"<header class=\"entry-content-header\">Museu Etnogr\u00e1fico Casa dos A\u00e7ores: 4\u00ba A mergulha na hist\u00f3ria da regi\u00e3o<span class='post-meta-infos'><time class=\"date-container minor-meta updated\"  itemprop=\"datePublished\" datetime=\"2019-12-05T13:22:34-03:00\" >05\/12\/2019<\/time><\/span><\/header>\n<div class=\"flex_column av_one_full  flex_column_div av-zero-column-padding first  avia-builder-el-1  el_after_av_post_meta  avia-builder-el-last  \" style='border-radius:0px; '><p><section class=\"av_textblock_section \"  itemscope=\"itemscope\" itemtype=\"https:\/\/schema.org\/CreativeWork\" ><div class='avia_textblock  '   itemprop=\"text\" ><p>Um mergulho na hist\u00f3ria da coloniza\u00e7\u00e3o a\u00e7oriana, em sua cultura, nas suas formas de subsist\u00eancia, do engenho de farinha e cana \u00e0 pesca da baleia. Este foi o objetivo da visita feita pelas turmas do 4\u00b0 ano ao\u00a0 Museu Etnogr\u00e1fico Casa dos A\u00e7ores, em Bigua\u00e7u, e ao\u00a0 Rancho das Canoas.\u00a0N\u00e3o faltou, na sa\u00edda de estudos, o delicioso piquenique ao ar livre e as brincadeiras na natureza!<\/p>\n<p>Leiam, tamb\u00e9m, a not\u00edcia que publicamos sobre o tema.<\/p>\n<\/div><\/section><br \/>\n<section class=\"av_textblock_section \"  itemscope=\"itemscope\" itemtype=\"https:\/\/schema.org\/CreativeWork\" ><div class='avia_textblock  '   itemprop=\"text\" ><div id='gallery-1' class='gallery galleryid-22890 gallery-columns-6 gallery-size-grid'><div class=\"grid_wrap isotope\"><div class='gallery-item' item_id='22382'><div class='gallery-item-inner'>\n\t\t\t<div class='gallery-icon landscape'>\n\t\t \t\t<a href=\"https:\/\/escoladailha.com.br\/portal\/wp-content\/uploads\/2019\/11\/4_EF_A_Museu_Etnografico_030.jpg\"><img loading=\"lazy\" decoding=\"async\" width=\"116\" height=\"92\" src=\"https:\/\/escoladailha.com.br\/portal\/wp-content\/uploads\/2019\/11\/4_EF_A_Museu_Etnografico_030-232x184.jpg\" class=\"attachment-grid size-grid\" alt=\"\" srcset=\"https:\/\/escoladailha.com.br\/portal\/wp-content\/uploads\/2019\/11\/4_EF_A_Museu_Etnografico_030-232x184.jpg 232w, https:\/\/escoladailha.com.br\/portal\/wp-content\/uploads\/2019\/11\/4_EF_A_Museu_Etnografico_030-480x380.jpg 480w, https:\/\/escoladailha.com.br\/portal\/wp-content\/uploads\/2019\/11\/4_EF_A_Museu_Etnografico_030-990x788.jpg 990w\" sizes=\"auto, (max-width: 232px) 100vw, 232px\" \/><\/a>\n\t\t \t<\/div><\/div><\/div><div class='gallery-item' item_id='22380'><div class='gallery-item-inner'>\n\t\t\t<div class='gallery-icon landscape'>\n\t\t \t\t<a href=\"https:\/\/escoladailha.com.br\/portal\/wp-content\/uploads\/2019\/11\/4_EF_A_Museu_Etnografico_021.jpg\"><img loading=\"lazy\" decoding=\"async\" width=\"116\" height=\"92\" src=\"https:\/\/escoladailha.com.br\/portal\/wp-content\/uploads\/2019\/11\/4_EF_A_Museu_Etnografico_021-232x184.jpg\" class=\"attachment-grid size-grid\" alt=\"\" srcset=\"https:\/\/escoladailha.com.br\/portal\/wp-content\/uploads\/2019\/11\/4_EF_A_Museu_Etnografico_021-232x184.jpg 232w, https:\/\/escoladailha.com.br\/portal\/wp-content\/uploads\/2019\/11\/4_EF_A_Museu_Etnografico_021-480x380.jpg 480w, https:\/\/escoladailha.com.br\/portal\/wp-content\/uploads\/2019\/11\/4_EF_A_Museu_Etnografico_021-990x788.jpg 990w\" sizes=\"auto, (max-width: 232px) 100vw, 232px\" \/><\/a>\n\t\t \t<\/div><\/div><\/div><div class='gallery-item' item_id='22379'><div class='gallery-item-inner'>\n\t\t\t<div class='gallery-icon landscape'>\n\t\t \t\t<a href=\"https:\/\/escoladailha.com.br\/portal\/wp-content\/uploads\/2019\/11\/4_EF_A_Museu_Etnografico_019.jpg\"><img loading=\"lazy\" decoding=\"async\" width=\"116\" height=\"92\" src=\"https:\/\/escoladailha.com.br\/portal\/wp-content\/uploads\/2019\/11\/4_EF_A_Museu_Etnografico_019-232x184.jpg\" class=\"attachment-grid size-grid\" alt=\"\" srcset=\"https:\/\/escoladailha.com.br\/portal\/wp-content\/uploads\/2019\/11\/4_EF_A_Museu_Etnografico_019-232x184.jpg 232w, https:\/\/escoladailha.com.br\/portal\/wp-content\/uploads\/2019\/11\/4_EF_A_Museu_Etnografico_019-480x380.jpg 480w, https:\/\/escoladailha.com.br\/portal\/wp-content\/uploads\/2019\/11\/4_EF_A_Museu_Etnografico_019-990x788.jpg 990w\" sizes=\"auto, (max-width: 232px) 100vw, 232px\" \/><\/a>\n\t\t \t<\/div><\/div><\/div><div class='gallery-item' item_id='22378'><div class='gallery-item-inner'>\n\t\t\t<div class='gallery-icon landscape'>\n\t\t \t\t<a href=\"https:\/\/escoladailha.com.br\/portal\/wp-content\/uploads\/2019\/11\/4_EF_A_Museu_Etnografico_018.jpg\"><img loading=\"lazy\" decoding=\"async\" width=\"116\" height=\"92\" src=\"https:\/\/escoladailha.com.br\/portal\/wp-content\/uploads\/2019\/11\/4_EF_A_Museu_Etnografico_018-232x184.jpg\" class=\"attachment-grid size-grid\" alt=\"\" srcset=\"https:\/\/escoladailha.com.br\/portal\/wp-content\/uploads\/2019\/11\/4_EF_A_Museu_Etnografico_018-232x184.jpg 232w, https:\/\/escoladailha.com.br\/portal\/wp-content\/uploads\/2019\/11\/4_EF_A_Museu_Etnografico_018-480x380.jpg 480w, https:\/\/escoladailha.com.br\/portal\/wp-content\/uploads\/2019\/11\/4_EF_A_Museu_Etnografico_018-990x788.jpg 990w\" sizes=\"auto, (max-width: 232px) 100vw, 232px\" \/><\/a>\n\t\t \t<\/div><\/div><\/div><div class='gallery-item' item_id='22377'><div class='gallery-item-inner'>\n\t\t\t<div class='gallery-icon landscape'>\n\t\t \t\t<a href=\"https:\/\/escoladailha.com.br\/portal\/wp-content\/uploads\/2019\/11\/4_EF_A_Museu_Etnografico_015.jpg\"><img loading=\"lazy\" decoding=\"async\" width=\"116\" height=\"92\" src=\"https:\/\/escoladailha.com.br\/portal\/wp-content\/uploads\/2019\/11\/4_EF_A_Museu_Etnografico_015-232x184.jpg\" class=\"attachment-grid size-grid\" alt=\"\" srcset=\"https:\/\/escoladailha.com.br\/portal\/wp-content\/uploads\/2019\/11\/4_EF_A_Museu_Etnografico_015-232x184.jpg 232w, https:\/\/escoladailha.com.br\/portal\/wp-content\/uploads\/2019\/11\/4_EF_A_Museu_Etnografico_015-480x380.jpg 480w, https:\/\/escoladailha.com.br\/portal\/wp-content\/uploads\/2019\/11\/4_EF_A_Museu_Etnografico_015-990x788.jpg 990w\" sizes=\"auto, (max-width: 232px) 100vw, 232px\" \/><\/a>\n\t\t \t<\/div><\/div><\/div><div class='gallery-item' item_id='22376'><div class='gallery-item-inner'>\n\t\t\t<div class='gallery-icon landscape'>\n\t\t \t\t<a href=\"https:\/\/escoladailha.com.br\/portal\/wp-content\/uploads\/2019\/11\/4_EF_A_Museu_Etnografico_014.jpg\"><img loading=\"lazy\" decoding=\"async\" width=\"116\" height=\"92\" src=\"https:\/\/escoladailha.com.br\/portal\/wp-content\/uploads\/2019\/11\/4_EF_A_Museu_Etnografico_014-232x184.jpg\" class=\"attachment-grid size-grid\" alt=\"\" srcset=\"https:\/\/escoladailha.com.br\/portal\/wp-content\/uploads\/2019\/11\/4_EF_A_Museu_Etnografico_014-232x184.jpg 232w, https:\/\/escoladailha.com.br\/portal\/wp-content\/uploads\/2019\/11\/4_EF_A_Museu_Etnografico_014-480x380.jpg 480w, https:\/\/escoladailha.com.br\/portal\/wp-content\/uploads\/2019\/11\/4_EF_A_Museu_Etnografico_014-990x788.jpg 990w\" sizes=\"auto, (max-width: 232px) 100vw, 232px\" \/><\/a>\n\t\t \t<\/div><\/div><\/div><div class='gallery-item' item_id='22375'><div class='gallery-item-inner'>\n\t\t\t<div class='gallery-icon portrait'>\n\t\t \t\t<a href=\"https:\/\/escoladailha.com.br\/portal\/wp-content\/uploads\/2019\/11\/4_EF_A_Museu_Etnografico_012.jpg\"><img loading=\"lazy\" decoding=\"async\" width=\"116\" height=\"92\" src=\"https:\/\/escoladailha.com.br\/portal\/wp-content\/uploads\/2019\/11\/4_EF_A_Museu_Etnografico_012-232x184.jpg\" class=\"attachment-grid size-grid\" alt=\"\" srcset=\"https:\/\/escoladailha.com.br\/portal\/wp-content\/uploads\/2019\/11\/4_EF_A_Museu_Etnografico_012-232x184.jpg 232w, https:\/\/escoladailha.com.br\/portal\/wp-content\/uploads\/2019\/11\/4_EF_A_Museu_Etnografico_012-480x380.jpg 480w\" sizes=\"auto, (max-width: 232px) 100vw, 232px\" \/><\/a>\n\t\t \t<\/div><\/div><\/div><div class='gallery-item' item_id='22374'><div class='gallery-item-inner'>\n\t\t\t<div class='gallery-icon landscape'>\n\t\t \t\t<a href=\"https:\/\/escoladailha.com.br\/portal\/wp-content\/uploads\/2019\/11\/4_EF_A_Museu_Etnografico_010.jpg\"><img loading=\"lazy\" decoding=\"async\" width=\"116\" height=\"92\" src=\"https:\/\/escoladailha.com.br\/portal\/wp-content\/uploads\/2019\/11\/4_EF_A_Museu_Etnografico_010-232x184.jpg\" class=\"attachment-grid size-grid\" alt=\"\" srcset=\"https:\/\/escoladailha.com.br\/portal\/wp-content\/uploads\/2019\/11\/4_EF_A_Museu_Etnografico_010-232x184.jpg 232w, https:\/\/escoladailha.com.br\/portal\/wp-content\/uploads\/2019\/11\/4_EF_A_Museu_Etnografico_010-480x380.jpg 480w, https:\/\/escoladailha.com.br\/portal\/wp-content\/uploads\/2019\/11\/4_EF_A_Museu_Etnografico_010-990x788.jpg 990w\" sizes=\"auto, (max-width: 232px) 100vw, 232px\" \/><\/a>\n\t\t \t<\/div><\/div><\/div><div class='gallery-item' item_id='22373'><div class='gallery-item-inner'>\n\t\t\t<div class='gallery-icon landscape'>\n\t\t \t\t<a href=\"https:\/\/escoladailha.com.br\/portal\/wp-content\/uploads\/2019\/11\/4_EF_A_Museu_Etnografico_009.jpg\"><img loading=\"lazy\" decoding=\"async\" width=\"116\" height=\"92\" src=\"https:\/\/escoladailha.com.br\/portal\/wp-content\/uploads\/2019\/11\/4_EF_A_Museu_Etnografico_009-232x184.jpg\" class=\"attachment-grid size-grid\" alt=\"\" srcset=\"https:\/\/escoladailha.com.br\/portal\/wp-content\/uploads\/2019\/11\/4_EF_A_Museu_Etnografico_009-232x184.jpg 232w, https:\/\/escoladailha.com.br\/portal\/wp-content\/uploads\/2019\/11\/4_EF_A_Museu_Etnografico_009-480x380.jpg 480w, https:\/\/escoladailha.com.br\/portal\/wp-content\/uploads\/2019\/11\/4_EF_A_Museu_Etnografico_009-990x788.jpg 990w\" sizes=\"auto, (max-width: 232px) 100vw, 232px\" \/><\/a>\n\t\t \t<\/div><\/div><\/div><div class='gallery-item' item_id='22372'><div class='gallery-item-inner'>\n\t\t\t<div class='gallery-icon portrait'>\n\t\t \t\t<a href=\"https:\/\/escoladailha.com.br\/portal\/wp-content\/uploads\/2019\/11\/4_EF_A_Museu_Etnografico_008.jpg\"><img loading=\"lazy\" decoding=\"async\" width=\"116\" height=\"92\" src=\"https:\/\/escoladailha.com.br\/portal\/wp-content\/uploads\/2019\/11\/4_EF_A_Museu_Etnografico_008-232x184.jpg\" class=\"attachment-grid size-grid\" alt=\"\" srcset=\"https:\/\/escoladailha.com.br\/portal\/wp-content\/uploads\/2019\/11\/4_EF_A_Museu_Etnografico_008-232x184.jpg 232w, https:\/\/escoladailha.com.br\/portal\/wp-content\/uploads\/2019\/11\/4_EF_A_Museu_Etnografico_008-480x380.jpg 480w\" sizes=\"auto, (max-width: 232px) 100vw, 232px\" \/><\/a>\n\t\t \t<\/div><\/div><\/div><div class='gallery-item' item_id='22371'><div class='gallery-item-inner'>\n\t\t\t<div class='gallery-icon portrait'>\n\t\t \t\t<a href=\"https:\/\/escoladailha.com.br\/portal\/wp-content\/uploads\/2019\/11\/4_EF_A_Museu_Etnografico_006.jpg\"><img loading=\"lazy\" decoding=\"async\" width=\"116\" height=\"92\" src=\"https:\/\/escoladailha.com.br\/portal\/wp-content\/uploads\/2019\/11\/4_EF_A_Museu_Etnografico_006-232x184.jpg\" class=\"attachment-grid size-grid\" alt=\"\" srcset=\"https:\/\/escoladailha.com.br\/portal\/wp-content\/uploads\/2019\/11\/4_EF_A_Museu_Etnografico_006-232x184.jpg 232w, https:\/\/escoladailha.com.br\/portal\/wp-content\/uploads\/2019\/11\/4_EF_A_Museu_Etnografico_006-480x380.jpg 480w\" sizes=\"auto, (max-width: 232px) 100vw, 232px\" \/><\/a>\n\t\t \t<\/div><\/div><\/div><div class='gallery-item' item_id='22370'><div class='gallery-item-inner'>\n\t\t\t<div class='gallery-icon landscape'>\n\t\t \t\t<a href=\"https:\/\/escoladailha.com.br\/portal\/wp-content\/uploads\/2019\/11\/4_EF_A_Museu_Etnografico_004.jpg\"><img loading=\"lazy\" decoding=\"async\" width=\"116\" height=\"92\" src=\"https:\/\/escoladailha.com.br\/portal\/wp-content\/uploads\/2019\/11\/4_EF_A_Museu_Etnografico_004-232x184.jpg\" class=\"attachment-grid size-grid\" alt=\"\" srcset=\"https:\/\/escoladailha.com.br\/portal\/wp-content\/uploads\/2019\/11\/4_EF_A_Museu_Etnografico_004-232x184.jpg 232w, https:\/\/escoladailha.com.br\/portal\/wp-content\/uploads\/2019\/11\/4_EF_A_Museu_Etnografico_004-480x380.jpg 480w, https:\/\/escoladailha.com.br\/portal\/wp-content\/uploads\/2019\/11\/4_EF_A_Museu_Etnografico_004-990x788.jpg 990w\" sizes=\"auto, (max-width: 232px) 100vw, 232px\" \/><\/a>\n\t\t \t<\/div><\/div><\/div><div class='gallery-item' item_id='22369'><div class='gallery-item-inner'>\n\t\t\t<div class='gallery-icon portrait'>\n\t\t \t\t<a href=\"https:\/\/escoladailha.com.br\/portal\/wp-content\/uploads\/2019\/11\/4_EF_A_Museu_Etnografico_002.jpg\"><img loading=\"lazy\" decoding=\"async\" width=\"116\" height=\"92\" src=\"https:\/\/escoladailha.com.br\/portal\/wp-content\/uploads\/2019\/11\/4_EF_A_Museu_Etnografico_002-232x184.jpg\" class=\"attachment-grid size-grid\" alt=\"\" srcset=\"https:\/\/escoladailha.com.br\/portal\/wp-content\/uploads\/2019\/11\/4_EF_A_Museu_Etnografico_002-232x184.jpg 232w, https:\/\/escoladailha.com.br\/portal\/wp-content\/uploads\/2019\/11\/4_EF_A_Museu_Etnografico_002-480x380.jpg 480w\" sizes=\"auto, (max-width: 232px) 100vw, 232px\" \/><\/a>\n\t\t \t<\/div><\/div><\/div><div class='gallery-item' item_id='22381'><div class='gallery-item-inner'>\n\t\t\t<div class='gallery-icon landscape'>\n\t\t \t\t<a href=\"https:\/\/escoladailha.com.br\/portal\/wp-content\/uploads\/2019\/11\/4_EF_A_Museu_Etnografico_027.jpg\"><img loading=\"lazy\" decoding=\"async\" width=\"116\" height=\"92\" src=\"https:\/\/escoladailha.com.br\/portal\/wp-content\/uploads\/2019\/11\/4_EF_A_Museu_Etnografico_027-232x184.jpg\" class=\"attachment-grid size-grid\" alt=\"\" srcset=\"https:\/\/escoladailha.com.br\/portal\/wp-content\/uploads\/2019\/11\/4_EF_A_Museu_Etnografico_027-232x184.jpg 232w, https:\/\/escoladailha.com.br\/portal\/wp-content\/uploads\/2019\/11\/4_EF_A_Museu_Etnografico_027-480x380.jpg 480w, https:\/\/escoladailha.com.br\/portal\/wp-content\/uploads\/2019\/11\/4_EF_A_Museu_Etnografico_027-990x788.jpg 990w\" sizes=\"auto, (max-width: 232px) 100vw, 232px\" \/><\/a>\n\t\t \t<\/div><\/div><\/div><div class='gallery-item' item_id='22368'><div class='gallery-item-inner'>\n\t\t\t<div class='gallery-icon portrait'>\n\t\t \t\t<a href=\"https:\/\/escoladailha.com.br\/portal\/wp-content\/uploads\/2019\/11\/4_EF_A_Museu_Etnografico_001.jpg\"><img loading=\"lazy\" decoding=\"async\" width=\"116\" height=\"92\" src=\"https:\/\/escoladailha.com.br\/portal\/wp-content\/uploads\/2019\/11\/4_EF_A_Museu_Etnografico_001-232x184.jpg\" class=\"attachment-grid size-grid\" alt=\"\" srcset=\"https:\/\/escoladailha.com.br\/portal\/wp-content\/uploads\/2019\/11\/4_EF_A_Museu_Etnografico_001-232x184.jpg 232w, https:\/\/escoladailha.com.br\/portal\/wp-content\/uploads\/2019\/11\/4_EF_A_Museu_Etnografico_001-480x380.jpg 480w\" sizes=\"auto, (max-width: 232px) 100vw, 232px\" \/><\/a>\n\t\t \t<\/div><\/div><\/div><\/div><div style=\"clear: both\"><\/div>\n\t\t<\/div>\n\n<\/div><\/section><\/p><\/div>\n","protected":false},"excerpt":{"rendered":"<p>O 4\u00b0 ano visitou o\u00a0 Museu Etnogr\u00e1fico Casa dos A\u00e7ores, em Bigua\u00e7u, e o Rancho dos A\u00e7ores, onde puderam estudar as origens e h\u00e1bitos dos a\u00e7orianos que colonizaram a regi\u00e3o.<\/p>\n[leiamais]\n[gallery link=\"file\" size=\"carousel\" ids=\"22382,22380,22379,22378,22377,22376,22375,22374,22373,22372,22371,22370,22369,22381,22368\"]\n","protected":false},"featured_media":0,"comment_status":"open","ping_status":"closed","template":"","tags":[809,802,803,798,799,579,570,363,177],"portfolio_entries":[],"class_list":["post-22890","portfolio","type-portfolio","status-publish","hentry","tag-4-ano-museu-etnografico","tag-historia-acoriana","tag-cultura-acoria","tag-acorianos","tag-pesca-artesanal","tag-cultura-acoriana","tag-570","tag-museu-etnografico","tag-historia"],"acf":[],"_links":{"self":[{"href":"https:\/\/escoladailha.com.br\/portal\/wp-json\/wp\/v2\/portfolio\/22890","targetHints":{"allow":["GET"]}}],"collection":[{"href":"https:\/\/escoladailha.com.br\/portal\/wp-json\/wp\/v2\/portfolio"}],"about":[{"href":"https:\/\/escoladailha.com.br\/portal\/wp-json\/wp\/v2\/types\/portfolio"}],"replies":[{"embeddable":true,"href":"https:\/\/escoladailha.com.br\/portal\/wp-json\/wp\/v2\/comments?post=22890"}],"version-history":[{"count":0,"href":"https:\/\/escoladailha.com.br\/portal\/wp-json\/wp\/v2\/portfolio\/22890\/revisions"}],"wp:attachment":[{"href":"https:\/\/escoladailha.com.br\/portal\/wp-json\/wp\/v2\/media?parent=22890"}],"wp:term":[{"taxonomy":"post_tag","embeddable":true,"href":"https:\/\/escoladailha.com.br\/portal\/wp-json\/wp\/v2\/tags?post=22890"},{"taxonomy":"portfolio_entries","embeddable":true,"href":"https:\/\/escoladailha.com.br\/portal\/wp-json\/wp\/v2\/portfolio_entries?post=22890"}],"curies":[{"name":"wp","href":"https:\/\/api.w.org\/{rel}","templated":true}]}}