{"id":3605,"date":"2016-10-17T12:32:37","date_gmt":"2016-10-17T14:32:37","guid":{"rendered":"https:\/\/escoladailha.com.br\/portal\/?page_id=3605"},"modified":"2020-10-23T00:07:47","modified_gmt":"2020-10-23T03:07:47","slug":"atendimento-reunioes","status":"publish","type":"page","link":"https:\/\/escoladailha.com.br\/portal\/escola\/como_trabalhamos\/atendimento-reunioes\/","title":{"rendered":"Reuni\u00f5es e atendimento pedag\u00f3gico"},"content":{"rendered":"<div class=\"flex_column av_two_third  flex_column_div av-zero-column-padding first  avia-builder-el-0  el_before_av_one_third  avia-builder-el-first  \" style='border-radius:0px; '><section class=\"av_textblock_section \"  itemscope=\"itemscope\" itemtype=\"https:\/\/schema.org\/CreativeWork\" ><div class='avia_textblock  '   itemprop=\"text\" ><h3><span style=\"color: #ff0000;\">REUNI\u00d5ES E ATENDIMENTO PEDAG\u00d3GICO<\/span><\/h3>\n<p>Realizamos, com os pais de alunos, algumas reuni\u00f5es e\u00a0v\u00e1rias rodadas de atendimento pedag\u00f3gico individual.<\/p>\n<ul>\n<li>No in\u00edcio do ano, para todas as turmas, realizamos reuni\u00f5es pedag\u00f3gicas para a apresenta\u00e7\u00e3o dos professores e dos principais pontos do planejamento anual;<\/li>\n<li>Para as turmas do Infantil ao 3\u00ba ano, temos, ainda\u00a0duas rodadas de atendimento individual para a\u00a0restitui\u00e7\u00e3o dos pareceres pedag\u00f3gicos, em junho e em novembro (no meio e no final do ano)\u00a0e\u00a0uma reuni\u00e3o pedag\u00f3gica, em agosto;<\/li>\n<li>Para as turmas do 4\u00ba ano ao Ensino M\u00e9dio,\u00a0no final de cada bimestre, ap\u00f3s a entrega dos boletins,\u00a0um\u00a0atendimento individual aos pais.<\/li>\n<\/ul>\n<p>Al\u00e9m disso, a coordena\u00e7\u00e3o e a dire\u00e7\u00e3o pedag\u00f3gicas est\u00e3o sempre \u00e0 disposi\u00e7\u00e3o para atendimentos individuais, com eles ou com os com os professores.<\/p>\n<p>Sempre que necess\u00e1rio, tamb\u00e9m, entramos em contato com os pais para analisar em conjunto as provid\u00eancias a adotar diante das situa\u00e7\u00f5es espec\u00edficas que v\u00e3o se apresentando ao longo do ano letivo.<\/p>\n<p>Para os alunos que tem algum tipo de acompanhamento por terapeutas das diversas \u00e1reas (psic\u00f3logos, psiquiatras, fonoaudi\u00f3logos ou outros profissionais), caso os pais julguem necess\u00e1rio, facilitamos tamb\u00e9m alguns canais de comunica\u00e7\u00e3o direta com esses profissionais, de forma que se\u00a0estabele\u00e7a uma parceria para a converg\u00eancia dos procedimentos adotados de parte a parte.<\/p>\n<\/div><\/section><\/div><div class=\"flex_column av_one_third  flex_column_div av-zero-column-padding   avia-builder-el-2  el_after_av_two_third  avia-builder-el-last  \" style='border-radius:0px; '><\/div><\/p>\n","protected":false},"excerpt":{"rendered":"","protected":false},"author":1612,"featured_media":0,"parent":8460,"menu_order":95,"comment_status":"closed","ping_status":"closed","template":"","meta":{"_acf_changed":false,"_monsterinsights_skip_tracking":false,"_monsterinsights_sitenote_active":false,"_monsterinsights_sitenote_note":"","_monsterinsights_sitenote_category":0,"footnotes":""},"class_list":["post-3605","page","type-page","status-publish","hentry"],"acf":[],"_links":{"self":[{"href":"https:\/\/escoladailha.com.br\/portal\/wp-json\/wp\/v2\/pages\/3605","targetHints":{"allow":["GET"]}}],"collection":[{"href":"https:\/\/escoladailha.com.br\/portal\/wp-json\/wp\/v2\/pages"}],"about":[{"href":"https:\/\/escoladailha.com.br\/portal\/wp-json\/wp\/v2\/types\/page"}],"author":[{"embeddable":true,"href":"https:\/\/escoladailha.com.br\/portal\/wp-json\/wp\/v2\/users\/1612"}],"replies":[{"embeddable":true,"href":"https:\/\/escoladailha.com.br\/portal\/wp-json\/wp\/v2\/comments?post=3605"}],"version-history":[{"count":0,"href":"https:\/\/escoladailha.com.br\/portal\/wp-json\/wp\/v2\/pages\/3605\/revisions"}],"up":[{"embeddable":true,"href":"https:\/\/escoladailha.com.br\/portal\/wp-json\/wp\/v2\/pages\/8460"}],"wp:attachment":[{"href":"https:\/\/escoladailha.com.br\/portal\/wp-json\/wp\/v2\/media?parent=3605"}],"curies":[{"name":"wp","href":"https:\/\/api.w.org\/{rel}","templated":true}]}}